{"id":76,"date":"2013-06-24T23:44:46","date_gmt":"2013-06-24T21:44:46","guid":{"rendered":"http:\/\/www.komarno.com\/hu\/?page_id=76"},"modified":"2013-07-04T19:48:15","modified_gmt":"2013-07-04T17:48:15","slug":"ujvar","status":"publish","type":"page","link":"https:\/\/www.komarno.com\/hu\/kis-korut\/ujvar\/","title":{"rendered":"3 \u00dajv\u00e1r"},"content":{"rendered":"<div class=\"fcbkbttn_buttons_block\" id=\"fcbkbttn_left\"><div class=\"fcbkbttn_like \"><fb:like href=\"https:\/\/www.komarno.com\/hu\/kis-korut\/ujvar\/\" action=\"like\" colorscheme=\"light\" layout=\"button_count\"  size=\"small\"><\/fb:like><\/div><\/div><p><a href=\"http:\/\/www.komarno.com\/hu\/wp-content\/uploads\/sites\/3\/2013\/06\/panna-male.jpg\"><img loading=\"lazy\" decoding=\"async\" class=\" wp-image-121 alignleft\" title=\"Nec arte, nec marte\" alt=\"\" src=\"http:\/\/www.komarno.com\/hu\/wp-content\/uploads\/sites\/3\/2013\/06\/panna-male-198x300.jpg\" width=\"119\" height=\"180\" srcset=\"https:\/\/www.komarno.com\/hu\/wp-content\/uploads\/sites\/3\/2013\/06\/panna-male-198x300.jpg 198w, https:\/\/www.komarno.com\/hu\/wp-content\/uploads\/sites\/3\/2013\/06\/panna-male-300x452.jpg 300w, https:\/\/www.komarno.com\/hu\/wp-content\/uploads\/sites\/3\/2013\/06\/panna-male.jpg 424w\" sizes=\"auto, (max-width: 119px) 100vw, 119px\" \/><\/a>Az Osztr\u00e1k-Magyar Monarchia legnagyobb v\u00e9delmi l\u00e9tes\u00edtm\u00e9ny\u00e9nek, a <strong>kom\u00e1romi er\u0151drendszernek<\/strong> r\u00e9sze az <strong>\u00dajv\u00e1r<\/strong>. Legr\u00e9gebbi<br \/>\nr\u00e9sz\u00e9t (\u00d3v\u00e1r) az Oszm\u00e1n Birodalom elleni v\u00e9delemre 1546-ban kezdt\u00e9k \u00e9p\u00edteni. Az 1663-1673-as \u00e9vekben az \u00dajv\u00e1r hozz\u00e1\u00e9p\u00edt\u00e9s\u00e9vel<br \/>\ner\u0151s\u00edtett\u00e9k meg, ahov\u00e1 I.Leopold magyar uralkod\u00f3r\u00f3l elnevezett Leopold kapun \u00e1t lehet bel\u00e9pni. A Leopold kapuhoz k\u00f6zel<br \/>\ntal\u00e1lhat\u00f3 a bevehetetlen er\u0151d\u00f6t jelk\u00e9pez\u0151 K\u0151sz\u0171z szobor a k\u00f6vetkez\u0151 felirattal \u201eNec arte, nec marte\u201c \u2013 \u201eSem csellel, sem er\u0151vel\u201c.<\/p>\n<p>Az\u00a0er\u0151drendszer \u00e9p\u00edt\u00e9s\u00e9t a 19. sz\u00e1zadban fejezt\u00e9k be, azonban fokozatosan elvesz\u00edtette v\u00e9delmi funkci\u00f3j\u00e1t. Az \u00d3- \u00e9s \u00dajv\u00e1r a 20. sz\u00e1zadban\u00a0els\u0151sorban katonai rakt\u00e1rk\u00e9nt szolg\u00e1lt, jelenlegi rossz \u00e1llapot\u00e1t a 1968-1991-es \u00e9vek alatti szovjet hadsereg \u00e1ltali k\u00edm\u00e9letlen haszn\u00e1lat\u00a0eredm\u00e9nyezte.<\/p>\n<p>Az er\u0151d megtekint\u00e9se a\u00a0\u201cPRO CASTELLO COMAROMIENSI\u201d \u00e1ltal lehets\u00e9ges. Tov\u00e1bbi inform\u00e1ci\u00f3\u00e9rt <a href=\"http:\/\/www.komarno.sk\/prehliadka-pevnosti_4260.html\">kattintson ide<\/a>.<\/p>\n<p>Kom\u00e1rom a szlov\u00e1kiai magyar kisebbs\u00e9g k\u00f6zpontja \u00e9s 2004-t\u0151l a <strong>Selye J\u00e1nos Egyetem<\/strong> sz\u00e9khelye, amelynek f\u0151 oktat\u00e1si\u00a0nyelve a magyar. H\u00e1rom karon k\u00f6r\u00fclbel\u00fcl 2400 hallgat\u00f3 folytatja tanulm\u00e1nyait. Az egyetem n\u00e9vad\u00f3ja a nevezetes Selye J\u00e1nos endokrinol\u00f3gus,\u00a0aki gyermekkor\u00e1t Kom\u00e1romban t\u00f6lt\u00f6tte.<\/p>\n<p><a href=\"http:\/\/www.komarno.com\/hu\/wp-content\/uploads\/sites\/3\/2013\/06\/Univerzita_Selyeho.jpg\"><img loading=\"lazy\" decoding=\"async\" class=\" wp-image-122 alignleft\" title=\"Selye J\u00e1nos Egyetem\" alt=\"\" src=\"http:\/\/www.komarno.com\/hu\/wp-content\/uploads\/sites\/3\/2013\/06\/Univerzita_Selyeho-300x198.jpg\" width=\"180\" height=\"119\" srcset=\"https:\/\/www.komarno.com\/hu\/wp-content\/uploads\/sites\/3\/2013\/06\/Univerzita_Selyeho-300x198.jpg 300w, https:\/\/www.komarno.com\/hu\/wp-content\/uploads\/sites\/3\/2013\/06\/Univerzita_Selyeho-720x477.jpg 720w, https:\/\/www.komarno.com\/hu\/wp-content\/uploads\/sites\/3\/2013\/06\/Univerzita_Selyeho.jpg 800w\" sizes=\"auto, (max-width: 180px) 100vw, 180px\" \/><\/a><\/p>\n","protected":false},"excerpt":{"rendered":"<p>Az Osztr\u00e1k-Magyar Monarchia legnagyobb v\u00e9delmi l\u00e9tes\u00edtm\u00e9ny\u00e9nek, a kom\u00e1romi er\u0151drendszernek r\u00e9sze az \u00dajv\u00e1r. Legr\u00e9gebbi r\u00e9sz\u00e9t (\u00d3v\u00e1r) az Oszm\u00e1n Birodalom elleni v\u00e9delemre 1546-ban kezdt\u00e9k \u00e9p\u00edteni. Az 1663-1673-as \u00e9vekben az \u00dajv\u00e1r hozz\u00e1\u00e9p\u00edt\u00e9s\u00e9vel er\u0151s\u00edtett\u00e9k meg, ahov\u00e1 I.Leopold magyar uralkod\u00f3r\u00f3l elnevezett Leopold kapun \u00e1t lehet bel\u00e9pni. A Leopold kapuhoz k\u00f6zel tal\u00e1lhat\u00f3 a bevehetetlen er\u0151d\u00f6t jelk\u00e9pez\u0151 K\u0151sz\u0171z szobor a k\u00f6vetkez\u0151 felirattal [&hellip;]<\/p>\n","protected":false},"author":1,"featured_media":157,"parent":6,"menu_order":3,"comment_status":"closed","ping_status":"closed","template":"","meta":{"footnotes":""},"class_list":["post-76","page","type-page","status-publish","has-post-thumbnail","hentry"],"_links":{"self":[{"href":"https:\/\/www.komarno.com\/hu\/wp-json\/wp\/v2\/pages\/76","targetHints":{"allow":["GET"]}}],"collection":[{"href":"https:\/\/www.komarno.com\/hu\/wp-json\/wp\/v2\/pages"}],"about":[{"href":"https:\/\/www.komarno.com\/hu\/wp-json\/wp\/v2\/types\/page"}],"author":[{"embeddable":true,"href":"https:\/\/www.komarno.com\/hu\/wp-json\/wp\/v2\/users\/1"}],"replies":[{"embeddable":true,"href":"https:\/\/www.komarno.com\/hu\/wp-json\/wp\/v2\/comments?post=76"}],"version-history":[{"count":7,"href":"https:\/\/www.komarno.com\/hu\/wp-json\/wp\/v2\/pages\/76\/revisions"}],"predecessor-version":[{"id":193,"href":"https:\/\/www.komarno.com\/hu\/wp-json\/wp\/v2\/pages\/76\/revisions\/193"}],"up":[{"embeddable":true,"href":"https:\/\/www.komarno.com\/hu\/wp-json\/wp\/v2\/pages\/6"}],"wp:featuredmedia":[{"embeddable":true,"href":"https:\/\/www.komarno.com\/hu\/wp-json\/wp\/v2\/media\/157"}],"wp:attachment":[{"href":"https:\/\/www.komarno.com\/hu\/wp-json\/wp\/v2\/media?parent=76"}],"curies":[{"name":"wp","href":"https:\/\/api.w.org\/{rel}","templated":true}]}}